{"id":348,"date":"2015-04-08T14:11:59","date_gmt":"2015-04-08T14:11:59","guid":{"rendered":"http:\/\/www.alamaya.net?page_id=348"},"modified":"2022-07-22T15:10:14","modified_gmt":"2022-07-22T15:10:14","slug":"media","status":"publish","type":"page","link":"https:\/\/www.alamaya.net\/en\/media\/","title":{"rendered":"Media"},"content":{"rendered":"<div id='full_slider_1'  class='avia-fullwidth-slider main_color avia-shadow   avia-builder-el-0  el_before_av_heading  avia-builder-el-first   container_wrap fullsize'  ><div  class='avia-slideshow av-5d95tw-2066ffa687695a9fe0ec83a972da5da8 avia-slideshow-featured av_slideshow_full avia-slide-slider av-slideshow-ui av-control-default av-slideshow-manual av-loop-once av-loop-manual-endless av-default-height-applied   avia-slideshow-1' data-slideshow-options=\"{&quot;animation&quot;:&quot;slide&quot;,&quot;autoplay&quot;:false,&quot;loop_autoplay&quot;:&quot;once&quot;,&quot;interval&quot;:5,&quot;loop_manual&quot;:&quot;manual-endless&quot;,&quot;autoplay_stopper&quot;:false,&quot;noNavigation&quot;:false,&quot;bg_slider&quot;:false,&quot;keep_padding&quot;:false,&quot;hoverpause&quot;:false,&quot;show_slide_delay&quot;:0}\"  itemprop=\"image\" itemscope=\"itemscope\" itemtype=\"https:\/\/schema.org\/ImageObject\" ><ul class='avia-slideshow-inner ' style='padding-bottom: 31.666666666667%;'><li  class='avia-slideshow-slide av-5d95tw-2066ffa687695a9fe0ec83a972da5da8__0  av-single-slide slide-1 slide-odd'><div data-rel='slideshow-1' class='avia-slide-wrap '   ><img fetchpriority=\"high\" class=\"wp-image-2714 avia-img-lazy-loading-not-2714\"  src='https:\/\/www.alamaya.net\/wp-content\/uploads\/2015\/04\/videos.jpg' width='1200' height='380' title='videos' alt=''  itemprop=\"thumbnailUrl\"   \/><\/div><\/li><\/ul><\/div><\/div><div id='after_full_slider_1'  class='main_color av_default_container_wrap container_wrap fullsize'  ><div class='container av-section-cont-open' ><div class='template-page content  av-content-full alpha units'><div class='post-entry post-entry-type-page post-entry-348'><div class='entry-content-wrapper clearfix'>\n\n<style type=\"text\/css\" data-created_by=\"avia_inline_auto\" id=\"style-css-av-4zbli4-b9828328593f117d36b0e478d70f44e4\">\n#top .av-special-heading.av-4zbli4-b9828328593f117d36b0e478d70f44e4{\npadding-bottom:10px;\n}\nbody .av-special-heading.av-4zbli4-b9828328593f117d36b0e478d70f44e4 .av-special-heading-tag .heading-char{\nfont-size:25px;\n}\n.av-special-heading.av-4zbli4-b9828328593f117d36b0e478d70f44e4 .av-subheading{\nfont-size:15px;\n}\n<\/style>\n<div  class='av-special-heading av-4zbli4-b9828328593f117d36b0e478d70f44e4 av-special-heading-h2  avia-builder-el-1  el_after_av_slideshow_full  el_before_av_one_full  avia-builder-el-first '><h2 class='av-special-heading-tag'  itemprop=\"headline\"  >Radio<\/h2><div class=\"special-heading-border\"><div class=\"special-heading-inner-border\"><\/div><\/div><\/div>\n<div  class='flex_column av-4y1ijw-d2c15447a67d8613aa1b6412ad0737ff av_one_full  avia-builder-el-2  el_after_av_heading  el_before_av_hr  first flex_column_div  '     ><p><section  class='av_textblock_section av-l5wkpvpc-4cd67f94837d02e66c22ed5f9eb7c67f '   itemscope=\"itemscope\" itemtype=\"https:\/\/schema.org\/CreativeWork\" ><div class='avia_textblock'  itemprop=\"text\" ><p><strong>RTS &#8211; Radio Suisse Romande la 1\u00e8re (Swiss National Radio, French Channel)<\/strong><br \/>\n<strong>Monday 21 December 2021<br \/>\n<\/strong><em>&#8220;CQFD&#8221;<br \/>\n<\/em><\/p>\n<h3>Reduce certain symptoms of schizophrenia<\/h3>\n<p>Dr Ines Khadimallah, senior researcher at the Center for Psychiatric Neuroscience (Lausanne University Hospital), was interviewed by St\u00e9phane D\u00e9l\u00e9troz.<br \/>\nThe interview was entitled \u00abReduce certain symptoms of schizophrenia\u00bb and focused on the discovery of new biomarkers involved in the dysregulation of mitochondria.<br \/>\n<a href=\"https:\/\/pages.rts.ch\/la-1ere\/programmes\/cqfd\/20-12-2021#12697818\">Listen to the interview<\/a><br \/>\nFrench only<\/p>\n<\/div><\/section><br \/>\n\n<style type=\"text\/css\" data-created_by=\"avia_inline_auto\" id=\"style-css-av-4kk8n8-e012b391f18024df1ae808321c0ef10f\">\n#top .hr.hr-invisible.av-4kk8n8-e012b391f18024df1ae808321c0ef10f{\nheight:20px;\n}\n<\/style>\n<div  class='hr av-4kk8n8-e012b391f18024df1ae808321c0ef10f hr-invisible  avia-builder-el-4  el_after_av_textblock  el_before_av_textblock '><span class='hr-inner '><span class=\"hr-inner-style\"><\/span><\/span><\/div><br \/>\n<section  class='av_textblock_section av-dhfks-986ee0b3005ff4a4db47faabb2cb1469 '   itemscope=\"itemscope\" itemtype=\"https:\/\/schema.org\/CreativeWork\" ><div class='avia_textblock'  itemprop=\"text\" ><p><strong>RTS &#8211; Radio Suisse Romande la 1\u00e8re (Swiss National Radio, French Channel)<\/strong><br \/>\n<strong>Monday 21 March 2016<br \/>\n<\/strong><em>&#8220;CQFD&#8221;, programme presented by St\u00e9phane Gabioud<\/em><\/p>\n<h3><strong>The dark side of glutamate<br \/>\n<\/strong><\/h3>\n<p>St\u00e9phane D\u00e9l\u00e9troz discusses the negative effects of glutamate. If too abundant, this molecule, which is naturally produced by the human organism, may be involved in pathologies such as epilepsy, schizophrenia or Alzheimer disease.<br \/>\nInterviews of Pierre Maechler, professor at the Department of cellular physiolgy and metabolism of the University of Geneva, and Kim Do Cu\u00e9nod, director of the Center for psychiatric neuroscience at the University Hospital of Lausanne.<\/p>\n<\/div><\/section><br \/>\n<section  class='av_textblock_section av-4rt2b0-c94d95500194762bab2e1919431eafea '   itemscope=\"itemscope\" itemtype=\"https:\/\/schema.org\/CreativeWork\" ><div class='avia_textblock'  itemprop=\"text\" ><p>\u00bb To listen to the programme, click on the button (French only) [19:55 min.]<\/p>\n<\/div><\/section><br \/>\n\n<style type=\"text\/css\" data-created_by=\"avia_inline_auto\" id=\"style-css-av-89qms-f4da1ba7d05957f4f654de2870d2c07b\">\n#top .hr.hr-invisible.av-89qms-f4da1ba7d05957f4f654de2870d2c07b{\nheight:20px;\n}\n<\/style>\n<div  class='hr av-89qms-f4da1ba7d05957f4f654de2870d2c07b hr-invisible  avia-builder-el-7  el_after_av_textblock  el_before_av_textblock '><span class='hr-inner '><span class=\"hr-inner-style\"><\/span><\/span><\/div><br \/>\n<section  class='av_textblock_section av-4e6qas-10c55aa3fc2e5dc86b9fa386c60fad3b '   itemscope=\"itemscope\" itemtype=\"https:\/\/schema.org\/CreativeWork\" ><div class='avia_textblock'  itemprop=\"text\" ><div id=\"mp3jWrap_0\" class=\"mjp-s-wrapper s-graphic unsel-mjp \" style=\"font-size:18px;\"><span id=\"playpause_wrap_mp3j_0\" class=\"wrap_inline_mp3j\" style=\"font-weight:700;\"><span class=\"gfxbutton_mp3j play-mjp\" id=\"playpause_mp3j_0\" style=\"font-size:18px;\">&nbsp;&nbsp;&nbsp;&nbsp;&nbsp;<\/span>&nbsp;<span class=\"group_wrap\"><span class=\"bars_mp3j\"><span class=\"loadB_mp3j\" id=\"load_mp3j_0\"><\/span><span class=\"posbarB_mp3j\" id=\"posbar_mp3j_0\"><\/span><\/span><span class=\"T_mp3j\" id=\"T_mp3j_0\" style=\"font-size:18px;\">La face sombre du glutamate<span> - Radio T\u00e9l\u00e9vision Suisse<\/span><\/span><span class=\"indi_mp3j\" style=\"font-size:12.6px;\" id=\"statusMI_0\"><\/span><\/span><span class=\"vol_mp3j flipped\" id=\"vol_mp3j_0\"><\/span><\/span><\/div><span class=\"s-nosolution\" id=\"mp3j_nosolution_0\" style=\"display:none;\"><\/span><script>\nMP3jPLAYLISTS.inline_0 = [\n\t{ name: \"La face sombre du glutamate\", formats: [\"mp3\"], mp3: \"https:\/\/www.alamaya.net\/wp-content\/uploads\/2016\/04\/cqfd_20160321.mp3\", counterpart:\"\", artist: \"Radio T\u00e9l\u00e9vision Suisse\", image: \"\", imgurl: \"\" }\n];\n<\/script>\n\n<script>MP3jPLAYERS[0] = { list: MP3jPLAYLISTS.inline_0, tr:0, type:'single', lstate:'', loop:false, play_txt:'&nbsp;&nbsp;&nbsp;&nbsp;&nbsp;', pause_txt:'&nbsp;&nbsp;&nbsp;&nbsp;&nbsp;', pp_title:'', autoplay:false, download:false, vol:100, height:'' };<\/script>\n<\/div><\/section><\/p><\/div>\n<div  class='hr av-47fuh0-a5ffde5c18c535182c4604034a9c7405 hr-default  avia-builder-el-9  el_after_av_one_full  el_before_av_one_full '><span class='hr-inner '><span class=\"hr-inner-style\"><\/span><\/span><\/div>\n<div  class='flex_column av-40zdn8-2e75eaec372e78267bef9494217ee47c av_one_full  avia-builder-el-10  el_after_av_hr  el_before_av_hr  first flex_column_div  '     ><p><section  class='av_textblock_section av-3y8oek-5630ed2bce26b1556016531e71850eef '   itemscope=\"itemscope\" itemtype=\"https:\/\/schema.org\/CreativeWork\" ><div class='avia_textblock'  itemprop=\"text\" ><p><strong>RTS &#8211; Radio Suisse Romande la 1\u00e8re (Swiss National Radio, French Channel)<\/strong><br \/>\n<strong>Thursday 4 September 2014<\/strong><em>&#8220;CQFD&#8221;, programme presented by St\u00e9phane Gabioud<\/em><\/p>\n<h3><strong>News about schizophrenia<\/strong><\/h3>\n<p>St\u00e9phane D\u00e9l\u00e9troz presents the results of two new studies concerning schizophrenia. The first one reveals more about the basic mechanisms of the disease. The second one focuses on a clinical study in the field of medication.<br \/>\nMore details about this complex disease with Kim Do Cu\u00e9nod, director of the Center for Psychiatric Neuroscience at the University Hospital of Lausanne, and J\u00e9r\u00f4me Favrod, professor at the HES La Source and author of a practical guide for professionals &#8220;Recover from Schizophrenia&#8221;.<\/p>\n<\/div><\/section><br \/>\n<section  class='av_textblock_section av-3sgjck-858a9f1cb30f7df6b1b4756116781f83 '   itemscope=\"itemscope\" itemtype=\"https:\/\/schema.org\/CreativeWork\" ><div class='avia_textblock'  itemprop=\"text\" ><p>\u00bb To listen to the programme, click on the button (French only) [23:00 min.]<\/p>\n<\/div><\/section><br \/>\n\n<style type=\"text\/css\" data-created_by=\"avia_inline_auto\" id=\"style-css-av-3huqr0-2036c64f60756353f08724f93a708d80\">\n#top .hr.hr-invisible.av-3huqr0-2036c64f60756353f08724f93a708d80{\nheight:20px;\n}\n<\/style>\n<div  class='hr av-3huqr0-2036c64f60756353f08724f93a708d80 hr-invisible  avia-builder-el-13  el_after_av_textblock  el_before_av_textblock '><span class='hr-inner '><span class=\"hr-inner-style\"><\/span><\/span><\/div><br \/>\n<section  class='av_textblock_section av-3grncc-a966b2a21e47c0fde222f48b6c6c8639 '   itemscope=\"itemscope\" itemtype=\"https:\/\/schema.org\/CreativeWork\" ><div class='avia_textblock'  itemprop=\"text\" ><div id=\"mp3jWrap_1\" class=\"mjp-s-wrapper s-graphic unsel-mjp \" style=\"font-size:18px;\"><span id=\"playpause_wrap_mp3j_1\" class=\"wrap_inline_mp3j\" style=\"font-weight:700;\"><span class=\"gfxbutton_mp3j play-mjp\" id=\"playpause_mp3j_1\" style=\"font-size:18px;\">&nbsp;&nbsp;&nbsp;&nbsp;&nbsp;<\/span>&nbsp;<span class=\"group_wrap\"><span class=\"bars_mp3j\"><span class=\"loadB_mp3j\" id=\"load_mp3j_1\"><\/span><span class=\"posbarB_mp3j\" id=\"posbar_mp3j_1\"><\/span><\/span><span class=\"T_mp3j\" id=\"T_mp3j_1\" style=\"font-size:18px;\">Du nouveau sur la schizophr\u00e9nie<span> - Radio T\u00e9l\u00e9vision Suisse<\/span><\/span><span class=\"indi_mp3j\" style=\"font-size:12.6px;\" id=\"statusMI_1\"><\/span><\/span><span class=\"vol_mp3j flipped\" id=\"vol_mp3j_1\"><\/span><\/span><\/div><span class=\"s-nosolution\" id=\"mp3j_nosolution_1\" style=\"display:none;\"><\/span><script>\nMP3jPLAYLISTS.inline_1 = [\n\t{ name: \"Du nouveau sur la schizophr\u00e9nie\", formats: [\"mp3\"], mp3: \"https:\/\/www.alamaya.net\/wp-content\/uploads\/2015\/04\/cqfd_20140904.mp3\", counterpart:\"\", artist: \"Radio T\u00e9l\u00e9vision Suisse\", image: \"\", imgurl: \"\" }\n];\n<\/script>\n\n<script>MP3jPLAYERS[1] = { list: MP3jPLAYLISTS.inline_1, tr:0, type:'single', lstate:'', loop:false, play_txt:'&nbsp;&nbsp;&nbsp;&nbsp;&nbsp;', pause_txt:'&nbsp;&nbsp;&nbsp;&nbsp;&nbsp;', pp_title:'', autoplay:false, download:false, vol:100, height:'' };<\/script>\n<\/div><\/section><\/p><\/div>\n<div  class='hr av-37iiac-49e308ba301a71f15dba842f76a3d018 hr-default  avia-builder-el-15  el_after_av_one_full  el_before_av_one_full '><span class='hr-inner '><span class=\"hr-inner-style\"><\/span><\/span><\/div>\n<div  class='flex_column av-34w2lg-a0d9c553b6d462c6029a4ba78871ec92 av_one_full  avia-builder-el-16  el_after_av_hr  el_before_av_hr  first flex_column_div  '     ><p><section  class='av_textblock_section av-2vnyks-48af5b42ae4ec9f753bff424ffb1473e '   itemscope=\"itemscope\" itemtype=\"https:\/\/schema.org\/CreativeWork\" ><div class='avia_textblock'  itemprop=\"text\" ><p><strong>RTS &#8211; Radio Suisse Romande la 1\u00e8re (Swiss National Radio, French Channel)<br \/>\nMonday 17 March 2014<br \/>\n<\/strong><em>&#8220;CQFD&#8221;, programme presented by St\u00e9phane Gabioud<\/em><\/p>\n<h3><strong>People with schizophrenia have a life<\/strong><\/h3>\n<p>The 11th edition of the &#8220;Journ\u00e9es de la Schizophr\u00e9nie&#8221; (Days of Schizophrenia) took place from 17 to 23 March 2014, and focused on &#8220;the life of patients beside the disease&#8221;.<br \/>\nInterview with Michel Cu\u00e9nod, invited professor at the University of Lausanne, scientific adviser of the Unit for Research in Schizophrenia at the Center for Psychiatric Neuroscience (Lausanne University Hospital). Topic prepared by Bastien Confino.<\/p>\n<\/div><\/section><br \/>\n<section  class='av_textblock_section av-2oxqo4-94df987ae8f3bf7fb9b52983ed94da3b '   itemscope=\"itemscope\" itemtype=\"https:\/\/schema.org\/CreativeWork\" ><div class='avia_textblock'  itemprop=\"text\" ><p>\u00bb To listen to the programme, click on the button (French only) [10:57 min.]<\/p>\n<\/div><\/section><br \/>\n\n<style type=\"text\/css\" data-created_by=\"avia_inline_auto\" id=\"style-css-av-2jy1j8-7abbd6703abcd7b49b8032c168344200\">\n#top .hr.hr-invisible.av-2jy1j8-7abbd6703abcd7b49b8032c168344200{\nheight:20px;\n}\n<\/style>\n<div  class='hr av-2jy1j8-7abbd6703abcd7b49b8032c168344200 hr-invisible  avia-builder-el-19  el_after_av_textblock  el_before_av_textblock '><span class='hr-inner '><span class=\"hr-inner-style\"><\/span><\/span><\/div><br \/>\n<section  class='av_textblock_section av-2eqxf8-91e5570ba6dc429e1b82302bbb038729 '   itemscope=\"itemscope\" itemtype=\"https:\/\/schema.org\/CreativeWork\" ><div class='avia_textblock'  itemprop=\"text\" ><div id=\"mp3jWrap_2\" class=\"mjp-s-wrapper s-graphic unsel-mjp \" style=\"font-size:18px;\"><span id=\"playpause_wrap_mp3j_2\" class=\"wrap_inline_mp3j\" style=\"font-weight:700;\"><span class=\"gfxbutton_mp3j play-mjp\" id=\"playpause_mp3j_2\" style=\"font-size:18px;\">&nbsp;&nbsp;&nbsp;&nbsp;&nbsp;<\/span>&nbsp;<span class=\"group_wrap\"><span class=\"bars_mp3j\"><span class=\"loadB_mp3j\" id=\"load_mp3j_2\"><\/span><span class=\"posbarB_mp3j\" id=\"posbar_mp3j_2\"><\/span><\/span><span class=\"T_mp3j\" id=\"T_mp3j_2\" style=\"font-size:18px;\">Les schizophr\u00e8nes ont une vie<span> - Radio T\u00e9l\u00e9vision Suisse<\/span><\/span><span class=\"indi_mp3j\" style=\"font-size:12.6px;\" id=\"statusMI_2\"><\/span><\/span><span class=\"vol_mp3j flipped\" id=\"vol_mp3j_2\"><\/span><\/span><\/div><span class=\"s-nosolution\" id=\"mp3j_nosolution_2\" style=\"display:none;\"><\/span><script>\nMP3jPLAYLISTS.inline_2 = [\n\t{ name: \"Les schizophr\u00e8nes ont une vie\", formats: [\"mp3\"], mp3: \"https:\/\/www.alamaya.net\/wp-content\/uploads\/2015\/04\/CQFD.mp3\", counterpart:\"\", artist: \"Radio T\u00e9l\u00e9vision Suisse\", image: \"\", imgurl: \"\" }\n];\n<\/script>\n\n<script>MP3jPLAYERS[2] = { list: MP3jPLAYLISTS.inline_2, tr:0, type:'single', lstate:'', loop:false, play_txt:'&nbsp;&nbsp;&nbsp;&nbsp;&nbsp;', pause_txt:'&nbsp;&nbsp;&nbsp;&nbsp;&nbsp;', pp_title:'', autoplay:false, download:false, vol:100, height:'' };<\/script>\n<\/div><\/section><\/p><\/div>\n<div  class='hr av-2aq9v0-b1d04b3e49901bcef1dba11a42c97130 hr-default  avia-builder-el-21  el_after_av_one_full  el_before_av_one_full '><span class='hr-inner '><span class=\"hr-inner-style\"><\/span><\/span><\/div>\n<div  class='flex_column av-21sccs-ec303dc3c580afe0ecb725d1cf9635bb av_one_full  avia-builder-el-22  el_after_av_hr  el_before_av_hr  first flex_column_div  '     ><p><section  class='av_textblock_section av-1ujflw-f72d36a492f2039c9445de50b27eeb9e '   itemscope=\"itemscope\" itemtype=\"https:\/\/schema.org\/CreativeWork\" ><div class='avia_textblock'  itemprop=\"text\" ><p><strong>RTS &#8211; Radio Suisse Romande la 1\u00e8re (Swiss National Radio, French Channel)<br \/>\nTuesday 2\u00a0October 2007<\/strong><em><strong><br \/>\n<\/strong><\/em><em>&#8220;Impatience&#8221;,<\/em> <em>programme presented by<\/em> <em>Nancy Ypsilantis<\/em><\/p>\n<h3><strong>A genetic factor contributes to the outbreak of schizophrenia<\/strong><\/h3>\n<p>C\u00e9cile Gu\u00e9rin\u00a0receives Kim\u00a0Do Cu\u00e9nod, Head of the Unit for Research in Schizophrenia at the Center for Psychiatric Neuroscience (Lausanne University Hospital),\u00a0to learn more about this scientific breakthrough\u00a0published in the American journal\u00a0<em>Proceedings of the National Academy of Science<\/em>.<\/p>\n<\/div><\/section><br \/>\n<section  class='av_textblock_section av-1s2m2s-2f37801c9f3cfc8a10259916e2f84dac '   itemscope=\"itemscope\" itemtype=\"https:\/\/schema.org\/CreativeWork\" ><div class='avia_textblock'  itemprop=\"text\" ><p>\u00bb To listen to the programme, click on the button (French only)\u00a0 [6:55 min.] :<\/p>\n<\/div><\/section><br \/>\n\n<style type=\"text\/css\" data-created_by=\"avia_inline_auto\" id=\"style-css-av-5gmz0-e997f985cab1de4363db779fd9e6dd11\">\n#top .hr.hr-invisible.av-5gmz0-e997f985cab1de4363db779fd9e6dd11{\nheight:20px;\n}\n<\/style>\n<div  class='hr av-5gmz0-e997f985cab1de4363db779fd9e6dd11 hr-invisible  avia-builder-el-25  el_after_av_textblock  el_before_av_textblock '><span class='hr-inner '><span class=\"hr-inner-style\"><\/span><\/span><\/div><br \/>\n<section  class='av_textblock_section av-4yi70-4b2daf601d3263db3640705e9e2b52b8 '   itemscope=\"itemscope\" itemtype=\"https:\/\/schema.org\/CreativeWork\" ><div class='avia_textblock'  itemprop=\"text\" ><div id=\"mp3jWrap_3\" class=\"mjp-s-wrapper s-graphic unsel-mjp \" style=\"font-size:18px;\"><span id=\"playpause_wrap_mp3j_3\" class=\"wrap_inline_mp3j\" style=\"font-weight:700;\"><span class=\"gfxbutton_mp3j play-mjp\" id=\"playpause_mp3j_3\" style=\"font-size:18px;\">&nbsp;&nbsp;&nbsp;&nbsp;&nbsp;<\/span>&nbsp;<span class=\"group_wrap\"><span class=\"bars_mp3j\"><span class=\"loadB_mp3j\" id=\"load_mp3j_3\"><\/span><span class=\"posbarB_mp3j\" id=\"posbar_mp3j_3\"><\/span><\/span><span class=\"T_mp3j\" id=\"T_mp3j_3\" style=\"font-size:18px;\">Neurobiologie 02.10.2007<span> - Radio Suisse Romande<\/span><\/span><span class=\"indi_mp3j\" style=\"font-size:12.6px;\" id=\"statusMI_3\"><\/span><\/span><span class=\"vol_mp3j flipped\" id=\"vol_mp3j_3\"><\/span><\/span><\/div><span class=\"s-nosolution\" id=\"mp3j_nosolution_3\" style=\"display:none;\"><\/span><script>\nMP3jPLAYLISTS.inline_3 = [\n\t{ name: \"Neurobiologie 02.10.2007\", formats: [\"mp3\"], mp3: \"https:\/\/www.alamaya.net\/wp-content\/uploads\/2015\/04\/RSRImpatience.mp3\", counterpart:\"\", artist: \"Radio Suisse Romande\", image: \"\", imgurl: \"\" }\n];\n<\/script>\n\n<script>MP3jPLAYERS[3] = { list: MP3jPLAYLISTS.inline_3, tr:0, type:'single', lstate:'', loop:false, play_txt:'&nbsp;&nbsp;&nbsp;&nbsp;&nbsp;', pause_txt:'&nbsp;&nbsp;&nbsp;&nbsp;&nbsp;', pp_title:'', autoplay:false, download:false, vol:100, height:'' };<\/script>\n<\/div><\/section><\/p><\/div><div  class='hr av-16su6c-93abeeee24e312e302799f971a3adab6 hr-default  avia-builder-el-27  el_after_av_one_full  el_before_av_one_full '><span class='hr-inner '><span class=\"hr-inner-style\"><\/span><\/span><\/div><\/p>\n<div  class='flex_column av-11qhd0-a655e5260fe4924a8218170fae4f2bea av_one_full  avia-builder-el-28  el_after_av_hr  el_before_av_hr  first flex_column_div  '     ><p><section  class='av_textblock_section av-3ahp8-13ab79d589fe80ec84d309f083e41d8f '   itemscope=\"itemscope\" itemtype=\"https:\/\/schema.org\/CreativeWork\" ><div class='avia_textblock'  itemprop=\"text\" ><p><strong>RTS &#8211; Radio Suisse Romande la 1\u00e8re\u00a0(Swiss National Radio, French Channel)<br \/>\nMonday\u00a05 May 2008<\/strong><em><br \/>\n<\/em><em>&#8220;On en Parle&#8221;, programme presented by\u00a0<\/em><em>Johanne Dussex\u00a0and Ambroise Jolidon<\/em><\/p>\n<p>Schizophrenia leads to depression and withdrawal.<br \/>\nTaking stock of a still unfamiliar disease.<\/p>\n<h3><strong>Which factors cause the disease? How is it treated? Explanations and testimonies\u00a0<\/strong><\/h3>\n<p>Schizophrenia:\u00a0a frightening word. This complex pathology keeps researchers on the go.\u00a0People\u00a0suffering from\u00a0it near hell; 85% of cases occur between 15 and 25 years of age. Early intervention improves chances for recovery.<br \/>\nStatement by\u00a0Dominique Scheder &#8211; who suffers from paranoid evolutional schizophrenia &#8211;\u00a0and explanations by the neurobiologist Kim Do Cu\u00e9nod.<\/p>\n<\/div><\/section><br \/>\n<section  class='av_textblock_section av-s23p0-0eb1ce8babb43d41ae1ba15f1bb46d3c '   itemscope=\"itemscope\" itemtype=\"https:\/\/schema.org\/CreativeWork\" ><div class='avia_textblock'  itemprop=\"text\" ><p>\u00bb To listen to the programme, click on the green button (French only)\u00a0 [19:55 min.] :<\/p>\n<\/div><\/section><br \/>\n\n<style type=\"text\/css\" data-created_by=\"avia_inline_auto\" id=\"style-css-av-n43ik-4ade334d113b75a137d845963e8068b2\">\n#top .hr.hr-invisible.av-n43ik-4ade334d113b75a137d845963e8068b2{\nheight:20px;\n}\n<\/style>\n<div  class='hr av-n43ik-4ade334d113b75a137d845963e8068b2 hr-invisible  avia-builder-el-31  el_after_av_textblock  el_before_av_textblock '><span class='hr-inner '><span class=\"hr-inner-style\"><\/span><\/span><\/div><br \/>\n<section  class='av_textblock_section av-dkmjo-2d04e0f32532a9950dfd9b84e2590c0a '   itemscope=\"itemscope\" itemtype=\"https:\/\/schema.org\/CreativeWork\" ><div class='avia_textblock'  itemprop=\"text\" ><div id=\"mp3jWrap_4\" class=\"mjp-s-wrapper s-graphic unsel-mjp \" style=\"font-size:18px;\"><span id=\"playpause_wrap_mp3j_4\" class=\"wrap_inline_mp3j\" style=\"font-weight:700;\"><span class=\"gfxbutton_mp3j play-mjp\" id=\"playpause_mp3j_4\" style=\"font-size:18px;\">&nbsp;&nbsp;&nbsp;&nbsp;&nbsp;<\/span>&nbsp;<span class=\"group_wrap\"><span class=\"bars_mp3j\"><span class=\"loadB_mp3j\" id=\"load_mp3j_4\"><\/span><span class=\"posbarB_mp3j\" id=\"posbar_mp3j_4\"><\/span><\/span><span class=\"T_mp3j\" id=\"T_mp3j_4\" style=\"font-size:18px;\">La schizophr\u00e9nie 05-05-2008<span> - Radio Suisse Romande<\/span><\/span><span class=\"indi_mp3j\" style=\"font-size:12.6px;\" id=\"statusMI_4\"><\/span><\/span><span class=\"vol_mp3j flipped\" id=\"vol_mp3j_4\"><\/span><\/span><\/div><span class=\"s-nosolution\" id=\"mp3j_nosolution_4\" style=\"display:none;\"><\/span><script>\nMP3jPLAYLISTS.inline_4 = [\n\t{ name: \"La schizophr\u00e9nie 05-05-2008\", formats: [\"mp3\"], mp3: \"https:\/\/www.alamaya.net\/wp-content\/uploads\/2015\/04\/onEnparle.mp3\", counterpart:\"\", artist: \"Radio Suisse Romande\", image: \"\", imgurl: \"\" }\n];\n<\/script>\n\n<script>MP3jPLAYERS[4] = { list: MP3jPLAYLISTS.inline_4, tr:0, type:'single', lstate:'', loop:false, play_txt:'&nbsp;&nbsp;&nbsp;&nbsp;&nbsp;', pause_txt:'&nbsp;&nbsp;&nbsp;&nbsp;&nbsp;', pp_title:'', autoplay:false, download:false, vol:100, height:'' };<\/script>\n<\/div><\/section><\/p><\/div>\n<div  class='hr av-wwok-03e0832aedaa161f243842df3c7e1c6e hr-default  avia-builder-el-33  el_after_av_one_full  avia-builder-el-last '><span class='hr-inner '><span class=\"hr-inner-style\"><\/span><\/span><\/div>\n","protected":false},"excerpt":{"rendered":"","protected":false},"author":5,"featured_media":0,"parent":0,"menu_order":0,"comment_status":"open","ping_status":"open","template":"","meta":{"footnotes":""},"_links":{"self":[{"href":"https:\/\/www.alamaya.net\/en\/wp-json\/wp\/v2\/pages\/348\/"}],"collection":[{"href":"https:\/\/www.alamaya.net\/en\/wp-json\/wp\/v2\/pages\/"}],"about":[{"href":"https:\/\/www.alamaya.net\/en\/wp-json\/wp\/v2\/types\/page\/"}],"author":[{"embeddable":true,"href":"https:\/\/www.alamaya.net\/en\/wp-json\/wp\/v2\/users\/5\/"}],"replies":[{"embeddable":true,"href":"https:\/\/www.alamaya.net\/en\/wp-json\/wp\/v2\/comments\/?post=348"}],"version-history":[{"count":33,"href":"https:\/\/www.alamaya.net\/en\/wp-json\/wp\/v2\/pages\/348\/revisions\/"}],"predecessor-version":[{"id":2808,"href":"https:\/\/www.alamaya.net\/en\/wp-json\/wp\/v2\/pages\/348\/revisions\/2808\/"}],"wp:attachment":[{"href":"https:\/\/www.alamaya.net\/en\/wp-json\/wp\/v2\/media\/?parent=348"}],"curies":[{"name":"wp","href":"https:\/\/api.w.org\/{rel}","templated":true}]}}